{"id":3107,"date":"2021-09-13T09:09:29","date_gmt":"2021-09-13T09:09:29","guid":{"rendered":"https:\/\/globaltecingenieria.com\/nuevo\/refund_returns\/"},"modified":"2025-07-03T10:43:42","modified_gmt":"2025-07-03T10:43:42","slug":"politicas-de-privacidade-e-cookies","status":"publish","type":"page","link":"https:\/\/globaltecingenieria.com\/pt-br\/politicas-de-privacidade-e-cookies\/","title":{"rendered":"Pol\u00edticas de Privacidade e Cookies"},"content":{"rendered":"\t\t<div data-elementor-type=\"wp-page\" data-elementor-id=\"3107\" class=\"elementor elementor-3107 elementor-1044\">\n\t\t\t\t\t\t<section class=\"elementor-section elementor-top-section elementor-element elementor-element-449ba8da elementor-section-boxed elementor-section-height-default elementor-section-height-default\" data-id=\"449ba8da\" data-element_type=\"section\" data-settings=\"{&quot;jet_parallax_layout_list&quot;:[]}\">\n\t\t\t\t\t\t<div class=\"elementor-container elementor-column-gap-default\">\n\t\t\t\t\t<div class=\"elementor-column elementor-col-100 elementor-top-column elementor-element elementor-element-244a528d\" data-id=\"244a528d\" data-element_type=\"column\">\n\t\t\t<div class=\"elementor-widget-wrap elementor-element-populated\">\n\t\t\t\t\t\t<div class=\"elementor-element elementor-element-6b8f0cb7 elementor-widget elementor-widget-text-editor\" data-id=\"6b8f0cb7\" data-element_type=\"widget\" data-widget_type=\"text-editor.default\">\n\t\t\t\t<div class=\"elementor-widget-container\">\n\t\t\t<style>\/*! elementor - v3.22.0 - 26-06-2024 *\/\n.elementor-widget-text-editor.elementor-drop-cap-view-stacked .elementor-drop-cap{background-color:#69727d;color:#fff}.elementor-widget-text-editor.elementor-drop-cap-view-framed .elementor-drop-cap{color:#69727d;border:3px solid;background-color:transparent}.elementor-widget-text-editor:not(.elementor-drop-cap-view-default) .elementor-drop-cap{margin-top:8px}.elementor-widget-text-editor:not(.elementor-drop-cap-view-default) .elementor-drop-cap-letter{width:1em;height:1em}.elementor-widget-text-editor .elementor-drop-cap{float:left;text-align:center;line-height:1;font-size:50px}.elementor-widget-text-editor .elementor-drop-cap-letter{display:inline-block}<\/style>\t\t\t\t<p>Este site est\u00e1 adaptado \u00e0s normas vigentes em mat\u00e9ria de prote\u00e7\u00e3o de dados, o que afeta os dados pessoais que nos faculta com o seu consentimento expresso e os cookies que utilizamos para que este site funcione corretamente e possa desenvolver a sua atividade de acordo com as seguintes normas:<\/p><ul><li><strong>O RGPD, Regulamento (UE) 2016\/679 do Parlamento Europeu e do Conselho de 27 de abril de 2016<\/strong> relativo \u00e0 prote\u00e7\u00e3o das pessoas singulares no que diz respeito ao tratamento de dados pessoais e \u00e0 livre circula\u00e7\u00e3o desses dados e que revoga a Diretiva 95\/46\/CE (Regulamento Geral sobre a Prote\u00e7\u00e3o de Dados).<\/li><li><strong>A Lei Org\u00e2nica espanhola n.\u00ba\u00a03\/2018, de 5 de dezembro, sobre a Prote\u00e7\u00e3o de Dados Pessoais e a garantia dos direitos digitais<\/strong>, que regula o tratamento de dados pessoais e as obriga\u00e7\u00f5es que os respons\u00e1veis por um site ou blogue devem assumir na gest\u00e3o destas informa\u00e7\u00f5es.<\/li><\/ul>\t\t\t\t\t\t<\/div>\n\t\t\t\t<\/div>\n\t\t\t\t\t<\/div>\n\t\t<\/div>\n\t\t\t\t\t<\/div>\n\t\t<\/section>\n\t\t\t\t<section class=\"elementor-section elementor-top-section elementor-element elementor-element-a66d625 elementor-section-boxed elementor-section-height-default elementor-section-height-default\" data-id=\"a66d625\" data-element_type=\"section\" data-settings=\"{&quot;jet_parallax_layout_list&quot;:[]}\">\n\t\t\t\t\t\t<div class=\"elementor-container elementor-column-gap-default\">\n\t\t\t\t\t<div class=\"elementor-column elementor-col-100 elementor-top-column elementor-element elementor-element-e622f4d\" data-id=\"e622f4d\" data-element_type=\"column\">\n\t\t\t<div class=\"elementor-widget-wrap elementor-element-populated\">\n\t\t\t\t\t\t<div class=\"elementor-element elementor-element-98c3825 elementor-widget elementor-widget-heading\" data-id=\"98c3825\" data-element_type=\"widget\" data-widget_type=\"heading.default\">\n\t\t\t\t<div class=\"elementor-widget-container\">\n\t\t\t<style>\/*! elementor - v3.22.0 - 26-06-2024 *\/\n.elementor-heading-title{padding:0;margin:0;line-height:1}.elementor-widget-heading .elementor-heading-title[class*=elementor-size-]>a{color:inherit;font-size:inherit;line-height:inherit}.elementor-widget-heading .elementor-heading-title.elementor-size-small{font-size:15px}.elementor-widget-heading .elementor-heading-title.elementor-size-medium{font-size:19px}.elementor-widget-heading .elementor-heading-title.elementor-size-large{font-size:29px}.elementor-widget-heading .elementor-heading-title.elementor-size-xl{font-size:39px}.elementor-widget-heading .elementor-heading-title.elementor-size-xxl{font-size:59px}<\/style><h2 class=\"elementor-heading-title elementor-size-default\">Pol\u00edtica de privacidade<\/h2>\t\t<\/div>\n\t\t\t\t<\/div>\n\t\t\t\t<div class=\"elementor-element elementor-element-fbea2f8 elementor-widget elementor-widget-text-editor\" data-id=\"fbea2f8\" data-element_type=\"widget\" data-widget_type=\"text-editor.default\">\n\t\t\t\t<div class=\"elementor-widget-container\">\n\t\t\t\t\t\t\t<p>A presente pol\u00edtica de privacidade \u00e9 aplic\u00e1vel ao tratamento de dados pessoais pela <strong>Globaltec<\/strong> Ingenier\u00eda, nos seus sites, aplica\u00e7\u00f5es e qualquer outra plataforma digital ou meio eletr\u00f3nico em que sejam tratados dados pessoais. Esta pol\u00edtica aplica-se igualmente, na medida em que possa afetar, ao tratamento dos dados dos utilizadores das redes sociais nas quais a <strong>Globaltec<\/strong> efetua um tratamento dos seus dados e em fun\u00e7\u00e3o da sua rela\u00e7\u00e3o com a <strong>Globaltec<\/strong>.<\/p>\t\t\t\t\t\t<\/div>\n\t\t\t\t<\/div>\n\t\t\t\t<div class=\"elementor-element elementor-element-c00597a elementor-widget elementor-widget-heading\" data-id=\"c00597a\" data-element_type=\"widget\" data-widget_type=\"heading.default\">\n\t\t\t\t<div class=\"elementor-widget-container\">\n\t\t\t<h4 class=\"elementor-heading-title elementor-size-default\">Quem \u00e9 respons\u00e1vel pelo tratamento dos seus dados?<\/h4>\t\t<\/div>\n\t\t\t\t<\/div>\n\t\t\t\t<div class=\"elementor-element elementor-element-f0d5534 elementor-widget elementor-widget-text-editor\" data-id=\"f0d5534\" data-element_type=\"widget\" data-widget_type=\"text-editor.default\">\n\t\t\t\t<div class=\"elementor-widget-container\">\n\t\t\t\t\t\t\t<ul><li><strong>Nome: <\/strong>Globaltec Desarrollos e Ingenier\u00eda S.A<\/li><li><strong>Morada: <\/strong>Paseo de la Castellana, 135 \u2013 10\u00aa planta | 28046 | Madrid<\/li><li><strong>Telefone:<\/strong> +34917816418<\/li><li><strong>E-mail:<\/strong> <a href=\"mailto:datospersonales@globaltecingenieria.com\">datospersonales@globaltecingenieria.com<\/a><\/li><\/ul><p>A <strong>Globaltec<\/strong> \u00e9 respons\u00e1vel pelo tratamento dos dados fornecidos pelo Cliente e garante a sua seguran\u00e7a e tratamento confidencial, de acordo com o disposto no Regulamento Geral de Prote\u00e7\u00e3o de Dados (\u00abRGPD\u00bb) e outros regulamentos aplic\u00e1veis. Os utilizadores podem contactar o Delegado para a Prote\u00e7\u00e3o de Dados para exercer o seu direito de modificar ou apagar os seus dados pessoais ou para resolver quaisquer d\u00favidas relativas ao tratamento dos seus dados pessoais atrav\u00e9s dos meios de contacto acima mencionados.<\/p>\t\t\t\t\t\t<\/div>\n\t\t\t\t<\/div>\n\t\t\t\t<div class=\"elementor-element elementor-element-d06dabb elementor-widget elementor-widget-heading\" data-id=\"d06dabb\" data-element_type=\"widget\" data-widget_type=\"heading.default\">\n\t\t\t\t<div class=\"elementor-widget-container\">\n\t\t\t<h4 class=\"elementor-heading-title elementor-size-default\">Com que objetivos processamos os seus dados pessoais?<\/h4>\t\t<\/div>\n\t\t\t\t<\/div>\n\t\t\t\t<div class=\"elementor-element elementor-element-e8e3468 elementor-widget elementor-widget-text-editor\" data-id=\"e8e3468\" data-element_type=\"widget\" data-widget_type=\"text-editor.default\">\n\t\t\t\t<div class=\"elementor-widget-container\">\n\t\t\t\t\t\t\t<p>Quando um utilizador se liga a este site, por exemplo, para solicitar um or\u00e7amento ou um contacto, est\u00e1 a fornecer informa\u00e7\u00f5es pessoais pelas quais a Globaltec \u00e9 respons\u00e1vel. Estas informa\u00e7\u00f5es podem incluir informa\u00e7\u00f5es pessoais, tais como o seu endere\u00e7o IP, nome ou nome de utilizador, endere\u00e7o de e-mail, outras informa\u00e7\u00f5es fornecidas numa mensagem ou anexos. Ao fornecer estas informa\u00e7\u00f5es, o utilizador concorda com a recolha, utiliza\u00e7\u00e3o, gest\u00e3o e armazenamento das suas informa\u00e7\u00f5es pela Globaltec apenas conforme descrito na presente Pol\u00edtica de Privacidade.<\/p><p>A recolha e o tratamento dos dados pessoais do utilizador ser\u00e3o efetuados, em fun\u00e7\u00e3o da rela\u00e7\u00e3o com o utilizador, para as seguintes finalidades: no caso de registos de utilizadores, para permitir o acesso \u00e0 plataforma e aos dados de contrata\u00e7\u00e3o e informa\u00e7\u00f5es de contacto dispon\u00edveis para o referido utilizador, bem como para o acesso e utiliza\u00e7\u00e3o da plataforma digital e o cumprimento das obriga\u00e7\u00f5es legais enquanto prestador de servi\u00e7os da sociedade da informa\u00e7\u00e3o.<\/p><p>No caso de consultas ou pedidos, as informa\u00e7\u00f5es ser\u00e3o utilizadas para efeitos de gest\u00e3o das mesmas. Da mesma forma, os dados de navega\u00e7\u00e3o e os cookies de utilizador podem ser tratados com o objetivo de melhorar a sua acessibilidade como utilizador, personalizar e analisar a sua navega\u00e7\u00e3o, bem como para apresentar publicidade e an\u00fancios baseados nos seus interesses, de acordo com a nossa pol\u00edtica de cookies, que deve ser aceite antes de navegar na nossa plataforma digital.<\/p><p>Outras finalidades espec\u00edficas indicadas nos formul\u00e1rios de recolha de dados na plataforma digital e sem as quais a empresa n\u00e3o poder\u00e1 processar o formul\u00e1rio em quest\u00e3o.<\/p><p>No caso de contrata\u00e7\u00e3o de servi\u00e7os ou produtos atrav\u00e9s da plataforma digital, informamos que a finalidade ser\u00e1 a gest\u00e3o da sua rela\u00e7\u00e3o com a Globaltec, a presta\u00e7\u00e3o dos servi\u00e7os solicitados, a gest\u00e3o do atendimento ao cliente e, em geral, o cumprimento das obriga\u00e7\u00f5es do Contrato.<\/p><p>A Globaltec pode, com o consentimento do utilizador, atualizar e melhorar os dados pessoais do utilizador atrav\u00e9s da aquisi\u00e7\u00e3o de bases de dados de fontes publicamente dispon\u00edveis que permitam uma melhor gest\u00e3o da rela\u00e7\u00e3o e do contacto com o utilizador.<\/p><p>A Globaltec tratar\u00e1 ainda os dados pessoais com a finalidade de oferecer, pelos meios disponibilizados, incluindo os eletr\u00f3nicos, de forma segmentada e personalizada, informa\u00e7\u00f5es sobre produtos e servi\u00e7os, pr\u00f3prios ou de terceiros, caso o utilizador tenha consentido, para o que poder\u00e1 recorrer a sistemas de apoio automatizados e outros meios para definir perfis de p\u00fablico-alvo de campanhas, atividades ou a\u00e7\u00f5es, utilizando informa\u00e7\u00f5es da Globaltec, bem como informa\u00e7\u00f5es de terceiros, caso o utilizador tenha igualmente consentido. No caso dos clientes, estas a\u00e7\u00f5es podem ser realizadas mesmo ap\u00f3s a cessa\u00e7\u00e3o da rela\u00e7\u00e3o contratual com o cliente, at\u00e9 que a pessoa em causa solicite a sua elimina\u00e7\u00e3o.<\/p><p>Al\u00e9m disso, a Globaltec pode utilizar os dados dissociados do utilizador, preservando sempre o seu anonimato, mesmo ap\u00f3s o fim da rela\u00e7\u00e3o, para os utilizar nos seus sistemas de apoio \u00e0 tomada de decis\u00f5es e gest\u00e3o empresarial, at\u00e9 que a sua elimina\u00e7\u00e3o n\u00e3o seja solicitada pelo interessado.<\/p>\t\t\t\t\t\t<\/div>\n\t\t\t\t<\/div>\n\t\t\t\t<div class=\"elementor-element elementor-element-f1fcbce elementor-widget elementor-widget-heading\" data-id=\"f1fcbce\" data-element_type=\"widget\" data-widget_type=\"heading.default\">\n\t\t\t\t<div class=\"elementor-widget-container\">\n\t\t\t<h4 class=\"elementor-heading-title elementor-size-default\">Durante quanto tempo conservaremos os seus dados?<\/h4>\t\t<\/div>\n\t\t\t\t<\/div>\n\t\t\t\t<div class=\"elementor-element elementor-element-d562efe elementor-widget elementor-widget-text-editor\" data-id=\"d562efe\" data-element_type=\"widget\" data-widget_type=\"text-editor.default\">\n\t\t\t\t<div class=\"elementor-widget-container\">\n\t\t\t\t\t\t\t<p>Os dados pessoais fornecidos ser\u00e3o conservados at\u00e9 ao momento em que a pessoa em causa solicitar a sua elimina\u00e7\u00e3o.<\/p>\t\t\t\t\t\t<\/div>\n\t\t\t\t<\/div>\n\t\t\t\t<div class=\"elementor-element elementor-element-7410f87 elementor-widget elementor-widget-heading\" data-id=\"7410f87\" data-element_type=\"widget\" data-widget_type=\"heading.default\">\n\t\t\t\t<div class=\"elementor-widget-container\">\n\t\t\t<h4 class=\"elementor-heading-title elementor-size-default\">Qual \u00e9 a legitimidade do tratamento de dados?<\/h4>\t\t<\/div>\n\t\t\t\t<\/div>\n\t\t\t\t<div class=\"elementor-element elementor-element-7c1dedb elementor-widget elementor-widget-text-editor\" data-id=\"7c1dedb\" data-element_type=\"widget\" data-widget_type=\"text-editor.default\">\n\t\t\t\t<div class=\"elementor-widget-container\">\n\t\t\t\t\t\t\t<p>A legitimidade para o tratamento dos seus dados s\u00e3o os consentimentos obtidos do utilizador, os derivados da utiliza\u00e7\u00e3o de plataformas digitais e a contrata\u00e7\u00e3o de produtos ou servi\u00e7os.<\/p><p>Os consentimentos dos utilizadores s\u00e3o obtidos tanto no momento do seu registo como utilizador como nos diferentes contratos ou formul\u00e1rios e\/ou pedidos efetuados no \u00e2mbito da plataforma digital e podem ser modificados em qualquer momento pelo utilizador atrav\u00e9s do exerc\u00edcio dos seus direitos. O tratamento pode ainda basear-se, no caso de clientes com contratos em vigor, nos interesses leg\u00edtimos da Globaltec para a sua pr\u00f3pria oferta, produtos e servi\u00e7os conexos, a\u00e7\u00f5es de fideliza\u00e7\u00e3o e para comunicar esses dados a empresas terceiras para a realiza\u00e7\u00e3o de procedimentos administrativos para efeitos de admiss\u00e3o de clientes, preven\u00e7\u00e3o de fraudes, reclama\u00e7\u00f5es e cobran\u00e7a de d\u00edvidas.<\/p><p>O interesse leg\u00edtimo inclui o tratamento dos dados dos utilizadores para a gest\u00e3o da seguran\u00e7a e o controlo do acesso aos sistemas de informa\u00e7\u00e3o de apoio.<\/p><p>Se, para a execu\u00e7\u00e3o de qualquer gest\u00e3o contratual ou pedido espec\u00edfico, for necess\u00e1rio que o utilizador forne\u00e7a dados pessoais de outras pessoas que n\u00e3o o titular, o utilizador deve inform\u00e1-las pr\u00e9via e expressamente do conte\u00fado desta pol\u00edtica e obter o seu consentimento pr\u00e9vio para o tratamento dos seus dados.<\/p><p>Para se registar como utilizador nas plataformas digitais da Globaltec, o utilizador \u00e9 obrigado a declarar que \u00e9 maior de idade, uma vez que esta \u00e9 restrita a menores, pelo que, ao registar-se, declara e garante que \u00e9 maior de idade. De qualquer forma, a Globaltec fica exonerada dos tratamentos de dados efetuados a menores sem o consentimento dos seus pais ou tutores.<\/p>\t\t\t\t\t\t<\/div>\n\t\t\t\t<\/div>\n\t\t\t\t<div class=\"elementor-element elementor-element-ddef37e elementor-widget elementor-widget-heading\" data-id=\"ddef37e\" data-element_type=\"widget\" data-widget_type=\"heading.default\">\n\t\t\t\t<div class=\"elementor-widget-container\">\n\t\t\t<h4 class=\"elementor-heading-title elementor-size-default\">A quem ser\u00e3o comunicados os seus dados?<\/h4>\t\t<\/div>\n\t\t\t\t<\/div>\n\t\t\t\t<div class=\"elementor-element elementor-element-f961ac5 elementor-widget elementor-widget-text-editor\" data-id=\"f961ac5\" data-element_type=\"widget\" data-widget_type=\"text-editor.default\">\n\t\t\t\t<div class=\"elementor-widget-container\">\n\t\t\t\t\t\t\t<p>Na eventualidade de contrata\u00e7\u00e3o, os dados ser\u00e3o comunicados \u00e0 Empresa de Distribui\u00e7\u00e3o e constar\u00e3o de um ficheiro da sua responsabilidade (Sistema de Informa\u00e7\u00e3o de Pontos de Fornecimento-SIPS, do espanhol Sistema de Informaci\u00f3n de Puntos de Suministro), ao qual ter\u00e3o acesso, em qualquer momento, as pessoas determinadas por lei.<\/p><p>Por sua vez, a Globaltec trabalha com prestadores de servi\u00e7os terceiros, tais como canais de venda, apoio administrativo, servi\u00e7os de atendimento telef\u00f3nico, bancos, empresas de cobran\u00e7as, marketing e publicidade, auditoria e outros que, em determinados casos, poder\u00e3o ter acesso aos seus dados, com as garantias necess\u00e1rias, para efeitos de tratamento.<\/p><p>A Globaltec, em caso de n\u00e3o pagamento pelo Cliente dos seus servi\u00e7os, poder\u00e1 notificar os respons\u00e1veis pelos ficheiros de solv\u00eancia e de cr\u00e9dito, em conformidade com a regulamenta\u00e7\u00e3o aplic\u00e1vel. Poder\u00e1, igualmente, transferir os dados para as autoridades e organismos competentes, em conformidade com as obriga\u00e7\u00f5es legais e fiscais aplic\u00e1veis. Os dados relativos a eventuais contratos de fornecimento ser\u00e3o igualmente comunicados \u00e0 Administra\u00e7\u00e3o Fiscal para os fins previstos na Lei n.\u00ba\u00a058\/2003, Lei Geral Tribut\u00e1ria e\/ou na Lei n.\u00ba\u00a036\/2006 de Espanha, relativas a medidas de preven\u00e7\u00e3o da fraude fiscal.<\/p><p>Da mesma forma, em virtude do Real Decreto n.\u00ba\u00a0897\/2017 espanhol que regula, entre outras mat\u00e9rias, a figura do consumidor vulner\u00e1vel, os dados pessoais destes clientes podem ser comunicados aos organismos respons\u00e1veis pela prote\u00e7\u00e3o dos consumidores vulner\u00e1veis para efeitos de aplica\u00e7\u00e3o das medidas nele contempladas, bem como a qualquer outra Administra\u00e7\u00e3o para os fins legalmente determinados.<\/p>\t\t\t\t\t\t<\/div>\n\t\t\t\t<\/div>\n\t\t\t\t<div class=\"elementor-element elementor-element-28a83a6 elementor-widget elementor-widget-heading\" data-id=\"28a83a6\" data-element_type=\"widget\" data-widget_type=\"heading.default\">\n\t\t\t\t<div class=\"elementor-widget-container\">\n\t\t\t<h4 class=\"elementor-heading-title elementor-size-default\">Quais s\u00e3o os seus direitos quando nos solicita os seus dados?<\/h4>\t\t<\/div>\n\t\t\t\t<\/div>\n\t\t\t\t<div class=\"elementor-element elementor-element-65416af elementor-widget elementor-widget-text-editor\" data-id=\"65416af\" data-element_type=\"widget\" data-widget_type=\"text-editor.default\">\n\t\t\t\t<div class=\"elementor-widget-container\">\n\t\t\t\t\t\t\t<ul><li>DIREITO DE SOLICITAR O ACESSO AOS DADOS PESSOAIS RELATIVOS AO INTERESSADO<\/li><li>DIREITO DE RETIFICA\u00c7\u00c3O OU APAGAMENTO<\/li><li>DIREITO DE OPOSI\u00c7\u00c3O<\/li><li>DIREITO DE SOLICITAR A LIMITA\u00c7\u00c3O DO SEU TRATAMENTO<\/li><li>DIREITO \u00c0 PORTABILIDADE DOS DADOS<\/li><\/ul><p>Para ter acesso a determinados servi\u00e7os, \u00e9 necess\u00e1rio registar-se como utilizador registado da plataforma digital. Os dados de preenchimento do formul\u00e1rio s\u00e3o fornecidos de forma livre e volunt\u00e1ria, pelo que os dados devem ser verdadeiros e corretos. O utilizador compromete-se a fazer uma utiliza\u00e7\u00e3o diligente e a n\u00e3o colocar o seu nome de utilizador e a sua palavra-passe \u00e0 disposi\u00e7\u00e3o de terceiros, bem como a notificar a Globaltec, o mais rapidamente poss\u00edvel, da perda, roubo ou qualquer risco de acesso aos mesmos por parte de terceiros.<\/p><p>Os dados fornecidos pelo utilizador para a contrata\u00e7\u00e3o de servi\u00e7os ou produtos s\u00e3o necess\u00e1rios para a manuten\u00e7\u00e3o da rela\u00e7\u00e3o contratual e a sua n\u00e3o disponibiliza\u00e7\u00e3o tornaria imposs\u00edvel a gest\u00e3o dessa rela\u00e7\u00e3o.<\/p><p>O utilizador \u00e9 respons\u00e1vel pela veracidade dos dados comunicados e deve solicitar a sua altera\u00e7\u00e3o sempre que necess\u00e1rio para garantir o seu correto processamento, a correta presta\u00e7\u00e3o dos servi\u00e7os contratados e a realiza\u00e7\u00e3o de comunica\u00e7\u00f5es.<\/p><p>O utilizador pode exercer os seus direitos de acesso, retifica\u00e7\u00e3o ou, se for caso disso, solicitar a elimina\u00e7\u00e3o dos seus dados quando estes deixarem de ser necess\u00e1rios para os fins para que foram recolhidos, entre outros motivos.<\/p><p>O utilizador poder\u00e1 solicitar a limita\u00e7\u00e3o do tratamento dos seus dados nas circunst\u00e2ncias estabelecidas no artigo\u00a018.\u00ba do RGPD, caso em que apenas ser\u00e3o conservados para o exerc\u00edcio ou defesa de poss\u00edveis reclama\u00e7\u00f5es.<\/p><p>O utilizador pode retirar o consentimento dado a qualquer momento, opondo-se ao tratamento dos seus dados para uma finalidade espec\u00edfica, sem efeitos retroativos, ou seja, sem que isso afete a licitude do tratamento baseado no consentimento anterior \u00e0 sua retirada, ou opor-se ao mesmo, caso em que os seus dados pessoais s\u00f3 ser\u00e3o conservados para o exerc\u00edcio ou a defesa de eventuais reclama\u00e7\u00f5es.<\/p><p>O utilizador pode contactar a Globaltec para contestar qualquer decis\u00e3o que considere poder afetar os seus direitos e liberdades ou interesses leg\u00edtimos e que se baseie numa decis\u00e3o automatizada, incluindo a defini\u00e7\u00e3o de perfis.<\/p>\t\t\t\t\t\t<\/div>\n\t\t\t\t<\/div>\n\t\t\t\t<div class=\"elementor-element elementor-element-13cb443 elementor-widget elementor-widget-heading\" data-id=\"13cb443\" data-element_type=\"widget\" data-widget_type=\"heading.default\">\n\t\t\t\t<div class=\"elementor-widget-container\">\n\t\t\t<h4 class=\"elementor-heading-title elementor-size-default\">Liga\u00e7\u00f5es<\/h4>\t\t<\/div>\n\t\t\t\t<\/div>\n\t\t\t\t<div class=\"elementor-element elementor-element-0f1bdd8 elementor-widget elementor-widget-text-editor\" data-id=\"0f1bdd8\" data-element_type=\"widget\" data-widget_type=\"text-editor.default\">\n\t\t\t\t<div class=\"elementor-widget-container\">\n\t\t\t\t\t\t\t<p>As plataformas digitais da Globaltec fornecem, por vezes, liga\u00e7\u00f5es a outras plataformas digitais ou conte\u00fados pertencentes a terceiros. O \u00fanico objetivo das liga\u00e7\u00f5es \u00e9 proporcionar ao UTILIZADOR a possibilidade de complementar a informa\u00e7\u00e3o atrav\u00e9s dessas liga\u00e7\u00f5es. A Globaltec n\u00e3o se responsabiliza, em caso algum, pelos resultados que o UTILIZADOR possa obter ao aceder a estas liga\u00e7\u00f5es.<\/p><p>O UTILIZADOR e, em geral, qualquer pessoa singular ou coletiva que pretenda estabelecer qualquer dispositivo t\u00e9cnico de liga\u00e7\u00e3o da sua plataforma digital a qualquer uma das plataformas digitais da Globaltec, dever\u00e1 obter uma autoriza\u00e7\u00e3o pr\u00e9via por escrito da Globaltec. O estabelecimento da liga\u00e7\u00e3o n\u00e3o implica, em caso algum, a exist\u00eancia de uma rela\u00e7\u00e3o entre a Globaltec e o propriet\u00e1rio da plataforma em que a liga\u00e7\u00e3o \u00e9 estabelecida, nem a aceita\u00e7\u00e3o ou aprova\u00e7\u00e3o pela Globaltec dos seus conte\u00fados ou servi\u00e7os.<\/p>\t\t\t\t\t\t<\/div>\n\t\t\t\t<\/div>\n\t\t\t\t<div class=\"elementor-element elementor-element-2b44766 elementor-widget elementor-widget-heading\" data-id=\"2b44766\" data-element_type=\"widget\" data-widget_type=\"heading.default\">\n\t\t\t\t<div class=\"elementor-widget-container\">\n\t\t\t<h4 class=\"elementor-heading-title elementor-size-default\">Medidas de seguran\u00e7a<\/h4>\t\t<\/div>\n\t\t\t\t<\/div>\n\t\t\t\t<div class=\"elementor-element elementor-element-7a80fbe elementor-widget elementor-widget-text-editor\" data-id=\"7a80fbe\" data-element_type=\"widget\" data-widget_type=\"text-editor.default\">\n\t\t\t\t<div class=\"elementor-widget-container\">\n\t\t\t\t\t\t\t<p>O acesso \u00e0s plataformas digitais atrav\u00e9s das quais o UTILIZADOR do site ou da App contrata os produtos ou servi\u00e7os da Globaltec \u00e9 efetuado num ambiente seguro. Para verificar se est\u00e1 na p\u00e1gina Web da nossa Empresa, o endere\u00e7o \u00aburl\u00bb come\u00e7a por \u00abhttps\u00bb, em que o \u00abs\u00bb identifica que o conte\u00fado est\u00e1 a ser disponibilizado por um servidor seguro.<\/p>\t\t\t\t\t\t<\/div>\n\t\t\t\t<\/div>\n\t\t\t\t<div class=\"elementor-element elementor-element-16fe51f elementor-widget elementor-widget-heading\" data-id=\"16fe51f\" data-element_type=\"widget\" data-widget_type=\"heading.default\">\n\t\t\t\t<div class=\"elementor-widget-container\">\n\t\t\t<h3 class=\"elementor-heading-title elementor-size-default\">Mais informa\u00e7\u00f5es sobre a pol\u00edtica de cookies<\/h3>\t\t<\/div>\n\t\t\t\t<\/div>\n\t\t\t\t<div class=\"elementor-element elementor-element-8c4a726 elementor-widget elementor-widget-text-editor\" data-id=\"8c4a726\" data-element_type=\"widget\" data-widget_type=\"text-editor.default\">\n\t\t\t\t<div class=\"elementor-widget-container\">\n\t\t\t\t\t\t\t<p>Um cookie \u00e9 um ficheiro que \u00e9 transferido para o seu computador quando acede a determinadas p\u00e1ginas Web. Os cookies permitem a uma p\u00e1gina Web, entre outras coisas, armazenar e recuperar informa\u00e7\u00f5es sobre os h\u00e1bitos de navega\u00e7\u00e3o de um utilizador ou do seu equipamento e, em fun\u00e7\u00e3o das informa\u00e7\u00f5es que cont\u00eam e da forma como utiliza o seu equipamento, podem ser utilizados para reconhecer o utilizador. O navegador do utilizador guarda os cookies no disco r\u00edgido apenas durante a sess\u00e3o em curso, ocupando um espa\u00e7o m\u00ednimo de mem\u00f3ria e n\u00e3o prejudicando o computador. Os cookies n\u00e3o cont\u00eam qualquer informa\u00e7\u00e3o pessoal espec\u00edfica e a maioria dos cookies \u00e9 eliminada do disco r\u00edgido no final da sess\u00e3o do navegador (os chamados cookies de sess\u00e3o ou tempor\u00e1rios). A maioria dos navegadores aceita cookies como padr\u00e3o e, independentemente deles, permite ou impede cookies tempor\u00e1rios ou armazenados nas defini\u00e7\u00f5es de seguran\u00e7a.<\/p><p><strong>Que tipos de cookies existem?<\/strong><\/p><p><strong>&#8211; Cookies t\u00e9cnicos:<\/strong> s\u00e3o aqueles que permitem ao utilizador a navega\u00e7\u00e3o atrav\u00e9s de uma p\u00e1gina Web, plataforma ou aplica\u00e7\u00e3o e a utiliza\u00e7\u00e3o das diferentes op\u00e7\u00f5es ou servi\u00e7os nela existentes, como, por exemplo, controlar o tr\u00e1fego e a comunica\u00e7\u00e3o de dados, identificar a sess\u00e3o, aceder a partes de acesso restrito, recordar os elementos que comp\u00f5em uma encomenda, realizar o processo de compra de uma encomenda, realizar o pedido de inscri\u00e7\u00e3o ou participa\u00e7\u00e3o num evento, utilizar elementos de seguran\u00e7a durante a navega\u00e7\u00e3o, armazenar conte\u00fados para a difus\u00e3o de v\u00eddeos ou som ou partilhar conte\u00fados atrav\u00e9s das redes sociais.<\/p><p><strong>&#8211; Cookies de personaliza\u00e7\u00e3o:<\/strong> s\u00e3o cookies que permitem ao utilizador aceder ao servi\u00e7o com determinadas caracter\u00edsticas gerais predefinidas em fun\u00e7\u00e3o de uma s\u00e9rie de crit\u00e9rios no terminal do utilizador, como, por exemplo, o idioma, o tipo de navegador utilizado para aceder ao servi\u00e7o, a configura\u00e7\u00e3o regional a partir da qual se acede ao servi\u00e7o, etc.<\/p><p><strong>&#8211; Cookies de an\u00e1lise:<\/strong> s\u00e3o cookies que, tratados por n\u00f3s ou por terceiros, nos permitem quantificar o n\u00famero de utilizadores e, assim, realizar a medi\u00e7\u00e3o e a an\u00e1lise estat\u00edstica da utiliza\u00e7\u00e3o que os utilizadores fazem do servi\u00e7o oferecido. Para tal, a sua navega\u00e7\u00e3o na nossa p\u00e1gina Web \u00e9 analisada com o objetivo de melhorar a gama de produtos ou servi\u00e7os que oferecemos.<\/p><p><strong>\u2013 Cookies de publicidade:<\/strong> s\u00e3o aqueles que, tratados por n\u00f3s ou por terceiros, nos permitem gerir da forma mais eficaz poss\u00edvel a oferta de espa\u00e7os publicit\u00e1rios na p\u00e1gina Web, adaptando o conte\u00fado do an\u00fancio ao conte\u00fado do servi\u00e7o solicitado ou \u00e0 utiliza\u00e7\u00e3o que faz da nossa p\u00e1gina Web. Para tal, podemos analisar os seus h\u00e1bitos de navega\u00e7\u00e3o na Internet e podemos mostrar-lhe publicidade relacionada com o seu perfil de navega\u00e7\u00e3o.<\/p><p><strong>\u2013 Cookies de publicidade comportamental<\/strong>: s\u00e3o aqueles que permitem gerir, da forma mais eficaz poss\u00edvel, os espa\u00e7os publicit\u00e1rios que, se for caso disso, o editor tenha inclu\u00eddo numa p\u00e1gina Web, aplica\u00e7\u00e3o ou plataforma a partir da qual se presta o servi\u00e7o solicitado. Estes cookies armazenam informa\u00e7\u00f5es sobre o comportamento dos utilizadores, obtidas atrav\u00e9s da observa\u00e7\u00e3o cont\u00ednua dos seus h\u00e1bitos de navega\u00e7\u00e3o, o que permite desenvolver um perfil espec\u00edfico para apresentar publicidade com base no mesmo.<\/p><p>Mais concretamente, este site utiliza o Google Analytics, um servi\u00e7o de an\u00e1lise da Web utilizado para analisar e compilar estat\u00edsticas sobre o tr\u00e1fego e o volume de visitas ao mesmo. Este servi\u00e7o \u00e9 fornecido pela Google, Inc., sediada nos Estados Unidos, com sede em 1600 Amphitheatre Parkway, Mountain View, California 94043. Para fornecer estes servi\u00e7os, utilizam cookies que recolhem informa\u00e7\u00f5es, incluindo o endere\u00e7o IP do utilizador, que ser\u00e3o transmitidas, processadas e armazenadas pela Google nos termos definidos no site Google.com, inclusive a poss\u00edvel transmiss\u00e3o dessas informa\u00e7\u00f5es a terceiros por motivos de exig\u00eancia legal ou quando esses terceiros processam as informa\u00e7\u00f5es em nome da Google.<\/p><p>Ao mesmo tempo que d\u00e1 o seu consentimento para a utiliza\u00e7\u00e3o de cookies, ser\u00e1 transferido um cookie da extens\u00e3o que gere a transfer\u00eancia de cookies. Este cookie chama-se cg_cookie_accepted e tem um prazo de validade de um ano. Este cookie serve para informar que o utilizador autorizou a utiliza\u00e7\u00e3o de cookies. O Utilizador aceita expressamente, ao utilizar este site, o tratamento das informa\u00e7\u00f5es recolhidas da forma e para os fins acima referidos. O utilizador reconhece, igualmente, que tem conhecimento da possibilidade de rejeitar o tratamento de tais dados ou informa\u00e7\u00f5es, rejeitando a utiliza\u00e7\u00e3o de cookies atrav\u00e9s da sele\u00e7\u00e3o das defini\u00e7\u00f5es adequadas para o efeito no seu navegador. No entanto, esta op\u00e7\u00e3o de bloquear os cookies no seu navegador pode impedir a utiliza\u00e7\u00e3o plena de todas as funcionalidades do site.<\/p><p>O utilizador pode permitir, bloquear ou eliminar os cookies instalados no seu computador, configurando as op\u00e7\u00f5es do navegador instalado no seu computador:<\/p><p><strong>Cookies de terceiros:<\/strong> O site pode utilizar servi\u00e7os de terceiros que, em nome de The Fiestas, recolhem informa\u00e7\u00f5es para fins estat\u00edsticos, utiliza\u00e7\u00e3o do site pelo utilizador e para a presta\u00e7\u00e3o de outros servi\u00e7os relacionados com a atividade do site e outros servi\u00e7os da Internet. (Chrome, Explorer, Firefox, Safari)<\/p>\t\t\t\t\t\t<\/div>\n\t\t\t\t<\/div>\n\t\t\t\t\t<\/div>\n\t\t<\/div>\n\t\t\t\t\t<\/div>\n\t\t<\/section>\n\t\t\t\t<\/div>\n\t\t","protected":false},"excerpt":{"rendered":"<p>Este site est\u00e1 adaptado \u00e0s normas vigentes em mat\u00e9ria de prote\u00e7\u00e3o de dados, o que afeta os dados pessoais que nos faculta com o seu consentimento expresso e os cookies que utilizamos para que este site funcione corretamente e possa desenvolver a sua atividade de acordo com as seguintes normas: O RGPD, Regulamento (UE) 2016\/679 [&hellip;]<\/p>\n","protected":false},"author":2,"featured_media":0,"parent":0,"menu_order":0,"comment_status":"closed","ping_status":"closed","template":"","meta":{"_acf_changed":false,"footnotes":""},"class_list":["post-3107","page","type-page","status-publish","hentry"],"acf":[],"_links":{"self":[{"href":"https:\/\/globaltecingenieria.com\/pt-br\/wp-json\/wp\/v2\/pages\/3107","targetHints":{"allow":["GET"]}}],"collection":[{"href":"https:\/\/globaltecingenieria.com\/pt-br\/wp-json\/wp\/v2\/pages"}],"about":[{"href":"https:\/\/globaltecingenieria.com\/pt-br\/wp-json\/wp\/v2\/types\/page"}],"author":[{"embeddable":true,"href":"https:\/\/globaltecingenieria.com\/pt-br\/wp-json\/wp\/v2\/users\/2"}],"replies":[{"embeddable":true,"href":"https:\/\/globaltecingenieria.com\/pt-br\/wp-json\/wp\/v2\/comments?post=3107"}],"version-history":[{"count":15,"href":"https:\/\/globaltecingenieria.com\/pt-br\/wp-json\/wp\/v2\/pages\/3107\/revisions"}],"predecessor-version":[{"id":6589,"href":"https:\/\/globaltecingenieria.com\/pt-br\/wp-json\/wp\/v2\/pages\/3107\/revisions\/6589"}],"wp:attachment":[{"href":"https:\/\/globaltecingenieria.com\/pt-br\/wp-json\/wp\/v2\/media?parent=3107"}],"curies":[{"name":"wp","href":"https:\/\/api.w.org\/{rel}","templated":true}]}}